{"id":9224,"date":"2021-03-09T21:40:02","date_gmt":"2021-03-09T20:40:02","guid":{"rendered":"https:\/\/handel-sm.de\/wolle\/?post_type=product&#038;p=9224"},"modified":"2024-10-10T19:06:32","modified_gmt":"2024-10-10T17:06:32","slug":"regenbogen-neon-hellblau-blau-neongruen","status":"publish","type":"product","link":"https:\/\/handel-sm.de\/wolle\/regenbogen-neon-hellblau-blau-neongruen\/","title":{"rendered":"Regenbogen Neon hellblau-blau-neongr\u00fcn, 200g"},"content":{"rendered":"<h2>Farbverlaufsgarn &#8211; Per Hand gewickelt!<\/h2>\n<p>Dieses 4f\u00e4dige Garn besteht aus mehreren Farben. F\u00fcr den wundervollen Farbverlauf wird nach einem bestimmten Abstand eine neue Farbe angeknotet. Das Garn ist nicht gefacht, sondern gezwirnt, gespliced und knotenfrei.<\/p>\n<p>Mit tollem Neoneffekt!<\/p>\n<h3>Sommergarn &#8211; Regenbogen Neon hellblau-blau-neongr\u00fcn<\/h3>\n<p>Ein Tuch, Schal oder Stola aus dem <strong>Sommergarn &#8211; Regenbogen Neon hellblau-blau-neongr\u00fcn<\/strong><\/p>\n<p>w\u00e4rmt an k\u00fchlen Fr\u00fchlingsabenden oder Sommerabenden.<\/p>\n<p style=\"text-align: left;\"><img data-recalc-dims=\"1\" loading=\"lazy\" decoding=\"async\" class=\"alignnone wp-image-9222 size-full\" src=\"https:\/\/i0.wp.com\/handel-sm.de\/wolle\/wp-content\/uploads\/sites\/2\/2021\/03\/Regenbogen-Neon-Dreieckstuch.pdf-Anleitung-1.png?resize=200%2C283&#038;ssl=1\" alt=\"kostenlose Anleitung f\u00fcr ein Regenbogen-Neon-Dreieckstuch\" width=\"200\" height=\"283\" \/>\u00a0 <a href=\"https:\/\/handel-sm.de\/wolle\/wp-content\/uploads\/sites\/2\/2021\/03\/Regenbogen-Neon-Dreieckstuch-Anleitung.pdf\">kostenlose Anleitung f\u00fcr ein Dreieckstuch<\/a><\/p>\n<ul>\n<li><strong>Inhalt:<\/strong><br \/>\n1 Bobbel = 200g<\/li>\n<li><strong>Zusammensetzung:<\/strong><br \/>\n50% Baumwolle, 50% Polyacryl<\/li>\n<li><strong>Saison:<\/strong><br \/>\nFr\u00fchjahr \/ Sommer<\/li>\n<li><strong>Laufl\u00e4nge:<\/strong><br \/>\n200 g = ca. 800 m<\/li>\n<li><strong>Nadelst\u00e4rke :<\/strong><br \/>\n2,5-3,5<\/li>\n<li><strong>Maschenprobe:<\/strong><br \/>\n10 x 10 cm = 25 M | 34 R<\/li>\n<li><strong>Waschanleitung: <\/strong><\/li>\n<\/ul>\n<div class=\"detail--attributes\">\n<div class=\"product--properties\">\n<p>\u00a0\u00a0\u00a0\u00a0\u00a0\u00a0\u00a0\u00a0 <img data-recalc-dims=\"1\" decoding=\"async\" class=\"icon\" title=\"Waschen-30-Grad-Pflegeleicht\" src=\"https:\/\/i0.wp.com\/versand.rellana.de\/media\/image\/d8\/41\/62\/Waschen-30-Grad-Pflegeleicht.jpg?w=750&#038;ssl=1\" alt=\"Waschen-30-Grad-Pflegeleicht\" \/><img data-recalc-dims=\"1\" decoding=\"async\" class=\"icon\" title=\"Trockenreinigung\" src=\"https:\/\/i0.wp.com\/versand.rellana.de\/media\/image\/8e\/88\/0a\/Trockenreinigung.jpg?w=750&#038;ssl=1\" alt=\"Trockenreinigung\" \/><img data-recalc-dims=\"1\" decoding=\"async\" class=\"icon\" title=\"Nicht-Trockner\" src=\"https:\/\/i0.wp.com\/versand.rellana.de\/media\/image\/fc\/bf\/02\/Nicht-Trockner.jpg?w=750&#038;ssl=1\" alt=\"Nicht-Trockner\" \/><img data-recalc-dims=\"1\" decoding=\"async\" class=\"icon\" title=\"Maschine\" src=\"https:\/\/i0.wp.com\/versand.rellana.de\/media\/image\/3f\/93\/06\/Maschine.jpg?w=750&#038;ssl=1\" alt=\"Maschine\" \/><img data-recalc-dims=\"1\" decoding=\"async\" class=\"icon\" title=\"B\u00fcgeln-1\" src=\"https:\/\/i0.wp.com\/versand.rellana.de\/media\/image\/de\/18\/30\/Bugeln-1.jpg?w=750&#038;ssl=1\" alt=\"B\u00fcgeln-1\" \/><img data-recalc-dims=\"1\" decoding=\"async\" class=\"icon\" title=\"Bleichen-Nicht-bleichen\" src=\"https:\/\/i0.wp.com\/versand.rellana.de\/media\/image\/4d\/f8\/e9\/Bleichen-Nicht-bleichen.jpg?w=750&#038;ssl=1\" alt=\"Bleichen-Nicht-bleichen\" \/><\/p>\n<\/div>\n<\/div>\n","protected":false},"excerpt":{"rendered":"<p><strong>Farbverlaufsgarn und Sommergarn &#8211; Per Hand gewickelt!<\/strong><\/p>\n<p>Dieses 4f\u00e4dige Garn besteht aus mehreren Farben. F\u00fcr den wundervollen Farbverlauf wird nach einem bestimmten Abstand eine neue Farbe angeknotet. Das Garn ist nicht gefacht, sondern gezwirnt, gespliced und knotenfrei. Mit tollem Neoneffekt!<\/p>\n<p>Ein Tuch, Schal oder Stola aus dem <strong>Sommergarn &#8211; Regenbogen Neon hellblau-blau-neongr\u00fcn<\/strong> w\u00e4rmt an k\u00fchlen Fr\u00fchlings- oder Sommerabenden.<\/p>\n","protected":false},"featured_media":9205,"template":"","meta":[],"product_brand":[],"product_cat":[36,189],"product_tag":[],"class_list":{"0":"post-9224","1":"product","2":"type-product","3":"status-publish","4":"has-post-thumbnail","6":"product_cat-sommergarn","7":"product_cat-bobbelgarn","9":"first","10":"outofstock","11":"taxable","12":"shipping-taxable","13":"purchasable","14":"product-type-simple"},"_links":{"self":[{"href":"https:\/\/handel-sm.de\/wolle\/wp-json\/wp\/v2\/product\/9224","targetHints":{"allow":["GET"]}}],"collection":[{"href":"https:\/\/handel-sm.de\/wolle\/wp-json\/wp\/v2\/product"}],"about":[{"href":"https:\/\/handel-sm.de\/wolle\/wp-json\/wp\/v2\/types\/product"}],"wp:featuredmedia":[{"embeddable":true,"href":"https:\/\/handel-sm.de\/wolle\/wp-json\/wp\/v2\/media\/9205"}],"wp:attachment":[{"href":"https:\/\/handel-sm.de\/wolle\/wp-json\/wp\/v2\/media?parent=9224"}],"wp:term":[{"taxonomy":"product_brand","embeddable":true,"href":"https:\/\/handel-sm.de\/wolle\/wp-json\/wp\/v2\/product_brand?post=9224"},{"taxonomy":"product_cat","embeddable":true,"href":"https:\/\/handel-sm.de\/wolle\/wp-json\/wp\/v2\/product_cat?post=9224"},{"taxonomy":"product_tag","embeddable":true,"href":"https:\/\/handel-sm.de\/wolle\/wp-json\/wp\/v2\/product_tag?post=9224"}],"curies":[{"name":"wp","href":"https:\/\/api.w.org\/{rel}","templated":true}]}}